{"id":125896,"date":"2017-11-24T08:26:21","date_gmt":"2017-11-24T07:26:21","guid":{"rendered":"https:\/\/www.alpaviation.ch\/vol-panoramique\/"},"modified":"2025-10-17T09:25:12","modified_gmt":"2025-10-17T07:25:12","slug":"vol-panoramique","status":"publish","type":"page","link":"https:\/\/www.alpaviation.ch\/fr\/vol-panoramique\/","title":{"rendered":"Vol panoramique"},"content":{"rendered":"<p>[et_pb_section fb_built=\u00a0\u00bb1&Prime; fullwidth=\u00a0\u00bbon\u00a0\u00bb _builder_version=\u00a0\u00bb3.22&Prime; transparent_background=\u00a0\u00bboff\u00a0\u00bb][et_pb_fullwidth_header_extended title=\u00a0\u00bbVols touristiques\u00a0\u00bb subhead=\u00a0\u00bb\u00e0 travers les lacs &#8211; vers les montagnes &#8211; ou les deux\u00a0\u00bb text_orientation=\u00a0\u00bbcenter\u00a0\u00bb header_fullscreen=\u00a0\u00bbon\u00a0\u00bb background_overlay_color=\u00a0\u00bbrgba(0,0,0,0.2)\u00a0\u00bb background_gradient=\u00a0\u00bboff\u00a0\u00bb wider_mobile_space=\u00a0\u00bbon\u00a0\u00bb button_one_sb_hover_on_off=\u00a0\u00bboff\u00a0\u00bb button_two_sb_hover_on_off=\u00a0\u00bboff\u00a0\u00bb title_fancyline=\u00a0\u00bbon\u00a0\u00bb title_fancy_orientation=\u00a0\u00bbcenter\u00a0\u00bb fancyline_color=\u00a0\u00bb#ffffff\u00a0\u00bb fancyline_width=\u00a0\u00bb80px\u00a0\u00bb fancyline_height=\u00a0\u00bb4px\u00a0\u00bb fancyline_margin_top=\u00a0\u00bb40px\u00a0\u00bb animated_gradient=\u00a0\u00bboff\u00a0\u00bb content_orientation=\u00a0\u00bbbottom\u00a0\u00bb s_background_layout=\u00a0\u00bbdark\u00a0\u00bb header_scroll_down_effect_on_off=\u00a0\u00bbon\u00a0\u00bb header_scroll_down_effect=\u00a0\u00bbslideInDown\u00a0\u00bb title_gradient_on_off=\u00a0\u00bboff\u00a0\u00bb subhead_gradient_on_off=\u00a0\u00bboff\u00a0\u00bb content_gradient_on_off=\u00a0\u00bboff\u00a0\u00bb admin_label=\u00a0\u00bbTitelbild\u00a0\u00bb _builder_version=\u00a0\u00bb4.5.3&Prime; title_font=\u00a0\u00bbMontserrat|700|||||||\u00a0\u00bb title_font_size=\u00a0\u00bb80px\u00a0\u00bb title_letter_spacing=\u00a0\u00bb-1px\u00a0\u00bb title_line_height=\u00a0\u00bb1.2em\u00a0\u00bb content_font=\u00a0\u00bbLato||||\u00a0\u00bb content_font_size=\u00a0\u00bb18px\u00a0\u00bb content_line_height=\u00a0\u00bb1.8em\u00a0\u00bb subhead_font=\u00a0\u00bbMontserrat|600|||||||\u00a0\u00bb subhead_font_size=\u00a0\u00bb20px\u00a0\u00bb subhead_letter_spacing=\u00a0\u00bb5px\u00a0\u00bb background_image=\u00a0\u00bbhttps:\/\/www.alpaviation.ch\/wp-content\/uploads\/Rundflug-1920&#215;1080.jpg\u00a0\u00bb custom_button_one=\u00a0\u00bbon\u00a0\u00bb button_one_text_size=\u00a0\u00bb18&Prime; button_one_text_color=\u00a0\u00bb#ffffff\u00a0\u00bb button_one_bg_color=\u00a0\u00bb#b022e8&Prime; button_one_border_color=\u00a0\u00bb#b022e8&Prime; button_one_border_radius=\u00a0\u00bb2&Prime; background_layout=\u00a0\u00bbdark\u00a0\u00bb hover_enabled=\u00a0\u00bb0&Prime; title_font_size_tablet=\u00a0\u00bb40px\u00a0\u00bb title_font_size_phone=\u00a0\u00bb28px\u00a0\u00bb title_font_size_last_edited=\u00a0\u00bbon|desktop\u00a0\u00bb title_letter_spacing_phone=\u00a0\u00bb0px\u00a0\u00bb content_font_size_tablet=\u00a0\u00bb\u00a0\u00bb content_font_size_phone=\u00a0\u00bb14px\u00a0\u00bb content_font_size_last_edited=\u00a0\u00bbon|phone\u00a0\u00bb subhead_font_size_tablet=\u00a0\u00bb\u00a0\u00bb subhead_font_size_phone=\u00a0\u00bb13px\u00a0\u00bb subhead_font_size_last_edited=\u00a0\u00bbon|desktop\u00a0\u00bb custom_css_button_1=\u00a0\u00bbmargin-top: 40px;\u00a0\u00bb][\/et_pb_fullwidth_header_extended][\/et_pb_section][et_pb_section fb_built=\u00a0\u00bb1&Prime; _builder_version=\u00a0\u00bb3.22&Prime;][et_pb_row _builder_version=\u00a0\u00bb3.25&Prime; background_size=\u00a0\u00bbinitial\u00a0\u00bb background_position=\u00a0\u00bbtop_left\u00a0\u00bb background_repeat=\u00a0\u00bbrepeat\u00a0\u00bb][et_pb_column type=\u00a0\u00bb4_4&Prime; _builder_version=\u00a0\u00bb3.25&Prime; custom_padding=\u00a0\u00bb|||\u00a0\u00bb custom_padding__hover=\u00a0\u00bb|||\u00a0\u00bb][et_pb_text _builder_version=\u00a0\u00bb4.5.3&Prime; hover_enabled=\u00a0\u00bb0&Prime;]<\/p>\n<h4>Un vol touristique est une exp\u00e9rience inoubliable, et nous le proposons aux groupes de deux personnes ou plus. Nous vous proposons une large s\u00e9lection de vols uniques. Trouvez le vol touristique de votre choix. Offrir un bon d&rsquo;achat est toujours un plaisir.<\/h4>\n<p>[\/et_pb_text][\/et_pb_column][\/et_pb_row][et_pb_row column_structure=\u00a0\u00bb1_2,1_2&Prime; _builder_version=\u00a0\u00bb3.25&Prime; background_size=\u00a0\u00bbinitial\u00a0\u00bb background_position=\u00a0\u00bbtop_left\u00a0\u00bb background_repeat=\u00a0\u00bbrepeat\u00a0\u00bb][et_pb_column type=\u00a0\u00bb1_2&Prime; _builder_version=\u00a0\u00bb3.25&Prime; custom_padding=\u00a0\u00bb|||\u00a0\u00bb custom_padding__hover=\u00a0\u00bb|||\u00a0\u00bb][et_pb_blurb title=\u00a0\u00bb Bapt\u00eame de l&rsquo;air\u00a0\u00bb icon_placement=\u00a0\u00bbleft\u00a0\u00bb admin_label=\u00a0\u00bbLufttaufe\u00a0\u00bb _builder_version=\u00a0\u00bb4.5.3&Prime; header_level=\u00a0\u00bbh3&Prime; hover_enabled=\u00a0\u00bb0&Prime;]Une visite de la ville dure g\u00e9n\u00e9ralement environ 20 minutes. Le vol peut \u00eatre organis\u00e9 diff\u00e9remment selon le temps imparti. Altitude : environ 1 200 m\u00e8tres au-dessus du niveau de la mer.[\/et_pb_blurb][et_pb_blurb title=\u00a0\u00bbLacs du Jura\u00a0\u00bb icon_placement=\u00a0\u00bbleft\u00a0\u00bb admin_label=\u00a0\u00bbJuraseen \u00a0\u00bb _builder_version=\u00a0\u00bb4.5.3&Prime; header_level=\u00a0\u00bbh3&Prime; hover_enabled=\u00a0\u00bb0&Prime;]Un vol d&rsquo;environ 30 minutes au-dessus des lacs de Morat, de Neuch\u00e2tel et de Bienne, \u00e0 environ 1 500 m\u00e8tres d&rsquo;altitude. Une vue magnifique s&rsquo;\u00e9tend du Plateau suisse jusqu&rsquo;au lac L\u00e9man.[\/et_pb_blurb][et_pb_blurb title=\u00a0\u00bbEmmental-Lucerne\u00a0\u00bb icon_placement=\u00a0\u00bbleft\u00a0\u00bb admin_label=\u00a0\u00bbEmmental-Luzern \u00a0\u00bb _builder_version=\u00a0\u00bb4.5.3&Prime; header_level=\u00a0\u00bbh3&Prime; hover_enabled=\u00a0\u00bb0&Prime;]Un vol d&rsquo;environ 50 minutes \u00e0 environ 1 500 m\u00e8tres d&rsquo;altitude. Nous longeons les lacs de Thoune et de Brienz, franchissons le col du Br\u00fcnig, puis les lacs de Lungern et de Sarnen jusqu&rsquo;au lac d&rsquo;Alpnach, contournons ensuite le mont Pilate en direction de l&rsquo;Entlebuch et revenons \u00e0 Berne. Ce vol offre de magnifiques vues sur les Alpes et le Plateau suisse et est recommand\u00e9 m\u00eame par mauvais temps.[\/et_pb_blurb][et_pb_blurb title=\u00a0\u00bbLac L\u00e9man-Gruy\u00e8res\u00a0\u00bb icon_placement=\u00a0\u00bbleft\u00a0\u00bb admin_label=\u00a0\u00bbGenfersee-Gruy\u00e8res \u00a0\u00bb _builder_version=\u00a0\u00bb4.5.3&Prime; header_level=\u00a0\u00bbh3&Prime; hover_enabled=\u00a0\u00bb0&Prime;]Un vol d&rsquo;environ 70 minutes \u00e0 1 500 m\u00e8tres d&rsquo;altitude. Ce vol vous emm\u00e8nera au-dessus de la Gruy\u00e8re jusqu&rsquo;au lac L\u00e9man et offrira notamment une vue imprenable sur les Pr\u00e9alpes occidentales et la r\u00e9gion l\u00e9manique avec ses vignobles. Ce vol peut \u00eatre effectu\u00e9 sans probl\u00e8me, m\u00eame par temps nuageux.[\/et_pb_blurb][et_pb_blurb title=\u00a0\u00bbMont Blanc\u00a0\u00bb icon_placement=\u00a0\u00bbleft\u00a0\u00bb admin_label=\u00a0\u00bbMont-Blanc \u00a0\u00bb _builder_version=\u00a0\u00bb4.5.3&Prime; header_level=\u00a0\u00bbh3&Prime; hover_enabled=\u00a0\u00bb0&Prime;]Un vol d&rsquo;environ 90 minutes \u00e0 plus de 4 000 m\u00e8tres d&rsquo;altitude. Ce vol vous emm\u00e8ne au-dessus de l&rsquo;Oberland bernois, en passant par les sommets du Wildstrubel et du Wildhorn, jusqu&rsquo;au versant sud des Alpes, en Valais. Au-dessus de Verbier, vous vous dirigerez ensuite vers la r\u00e9gion du Mont Blanc, offrant une vue imprenable sur les \u00e9tranges Aiguilles et Chamonix, au fond de la vall\u00e9e. En descendant, vous traverserez le lac L\u00e9man et reviendrez \u00e0 Berne en survolant la magnifique r\u00e9gion de la Gruy\u00e8re.[\/et_pb_blurb][\/et_pb_column][et_pb_column type=\u00a0\u00bb1_2&Prime; _builder_version=\u00a0\u00bb3.25&Prime; custom_padding=\u00a0\u00bb|||\u00a0\u00bb custom_padding__hover=\u00a0\u00bb|||\u00a0\u00bb][et_pb_blurb title=\u00a0\u00bb Lac de Thoune\u00a0\u00bb admin_label=\u00a0\u00bbThunersee\u00a0\u00bb _builder_version=\u00a0\u00bb4.5.3&Prime; header_level=\u00a0\u00bbh3&Prime; hover_enabled=\u00a0\u00bb0&Prime;]Vol d&rsquo;environ 30 minutes autour du lac de Thoune, \u00e0 environ 1 500 m\u00e8tres d&rsquo;altitude. De cette altitude, on a d\u00e9j\u00e0 une belle vue sur les Alpes bernoises et les Pr\u00e9alpes environnantes.[\/et_pb_blurb][et_pb_blurb title=\u00a0\u00bb Oberland bernois\u00a0\u00bb admin_label=\u00a0\u00bbBerner Oberland \u00a0\u00bb _builder_version=\u00a0\u00bb4.5.3&Prime; header_level=\u00a0\u00bbh3&Prime; hover_enabled=\u00a0\u00bb0&Prime;]Un vol d&rsquo;environ 50 minutes \u00e0 3 000 m\u00e8tres d&rsquo;altitude. Ce vol panoramique au-dessus des Alpes bernoises offre une vue imprenable sur le Wetterhorn, l&rsquo;Eiger, le M\u00f6nch, la Jungfrau, le Schilthorn, la Bl\u00fcemlisalp, le Wildstrubel et tout l&rsquo;Oberland bernois.[\/et_pb_blurb][et_pb_blurb title=\u00a0\u00bbHautes-Alpes\u00a0\u00bb admin_label=\u00a0\u00bbHochalpen \u00a0\u00bb _builder_version=\u00a0\u00bb4.5.3&Prime; header_level=\u00a0\u00bbh3&Prime; hover_enabled=\u00a0\u00bb0&Prime;]Un vol d&rsquo;environ 70 minutes \u00e0 4 000 m\u00e8tres d&rsquo;altitude. Ce vol offre une vue imprenable sur les Alpes bernoises. Il traverse la cha\u00eene alpine vers le sud, en passant par le col du Grimsel, le Finsteraarhorn, la Gr\u00fcnhornl\u00fccke, la Konkordiaplatz, la L\u00f6tschenl\u00fccke, le L\u00f6tschental, le Wildstrubel et le Simmental. Une exp\u00e9rience impressionnante de nos Pr\u00e9alpes et de notre monde alpin, avec des vues uniques sur les glaciers de haute montagne.[\/et_pb_blurb][et_pb_blurb title=\u00a0\u00bbCervin\u00a0\u00bb admin_label=\u00a0\u00bbMatterhorn \u00a0\u00bb _builder_version=\u00a0\u00bb4.5.3&Prime; header_level=\u00a0\u00bbh3&Prime; hover_enabled=\u00a0\u00bb0&Prime;]Un vol d&rsquo;environ 90 minutes \u00e0 plus de 4 000 m\u00e8tres d&rsquo;altitude. Ce vol panoramique est le summum du vol panoramique : il vous emm\u00e8ne de l&rsquo;Oberland bernois jusqu&rsquo;au versant sud des Alpes, au-dessus des vall\u00e9es valaisannes, jusqu&rsquo;aux hautes Alpes m\u00e9ridionales. Il offre une vue imprenable sur la r\u00e9gion du Simplon, puis sur la vall\u00e9e de Saas jusqu&rsquo;\u00e0 Mattmark, Felskin, Mischabel et le Mont Rose, puis passe par le Cervin jusqu&rsquo;\u00e0 la Dent Blanche, surplombe les vall\u00e9es valaisannes m\u00e9ridionales avec des vues jusqu&rsquo;\u00e0 la Grande Dixence, et revient sur l&rsquo;Oberland bernois.[\/et_pb_blurb][\/et_pb_column][\/et_pb_row][et_pb_row _builder_version=\u00a0\u00bb3.25&Prime; background_size=\u00a0\u00bbinitial\u00a0\u00bb background_position=\u00a0\u00bbtop_left\u00a0\u00bb background_repeat=\u00a0\u00bbrepeat\u00a0\u00bb][et_pb_column type=\u00a0\u00bb4_4&Prime; _builder_version=\u00a0\u00bb3.25&Prime; custom_padding=\u00a0\u00bb|||\u00a0\u00bb custom_padding__hover=\u00a0\u00bb|||\u00a0\u00bb][et_pb_button button_url=\u00a0\u00bbhttps:\/\/www.alpaviation.ch\/wp-content\/uploads\/Preisliste_Rundfluege_01_01_2024.pdf\u00a0\u00bb url_new_window=\u00a0\u00bbon\u00a0\u00bb button_text=\u00a0\u00bb Liste de prix des vols touristiques\u00a0\u00bb button_alignment=\u00a0\u00bbcenter\u00a0\u00bb admin_label=\u00a0\u00bbPreisliste\u00a0\u00bb _builder_version=\u00a0\u00bb4.5.3&Prime; hover_enabled=\u00a0\u00bb0&Prime; button_text_size__hover_enabled=\u00a0\u00bboff\u00a0\u00bb button_one_text_size__hover_enabled=\u00a0\u00bboff\u00a0\u00bb button_two_text_size__hover_enabled=\u00a0\u00bboff\u00a0\u00bb button_text_color__hover_enabled=\u00a0\u00bboff\u00a0\u00bb button_one_text_color__hover_enabled=\u00a0\u00bboff\u00a0\u00bb button_two_text_color__hover_enabled=\u00a0\u00bboff\u00a0\u00bb button_border_width__hover_enabled=\u00a0\u00bboff\u00a0\u00bb button_one_border_width__hover_enabled=\u00a0\u00bboff\u00a0\u00bb button_two_border_width__hover_enabled=\u00a0\u00bboff\u00a0\u00bb button_border_color__hover_enabled=\u00a0\u00bboff\u00a0\u00bb button_one_border_color__hover_enabled=\u00a0\u00bboff\u00a0\u00bb button_two_border_color__hover_enabled=\u00a0\u00bboff\u00a0\u00bb button_border_radius__hover_enabled=\u00a0\u00bboff\u00a0\u00bb button_one_border_radius__hover_enabled=\u00a0\u00bboff\u00a0\u00bb button_two_border_radius__hover_enabled=\u00a0\u00bboff\u00a0\u00bb button_letter_spacing__hover_enabled=\u00a0\u00bboff\u00a0\u00bb button_one_letter_spacing__hover_enabled=\u00a0\u00bboff\u00a0\u00bb button_two_letter_spacing__hover_enabled=\u00a0\u00bboff\u00a0\u00bb button_bg_color__hover_enabled=\u00a0\u00bboff\u00a0\u00bb button_one_bg_color__hover_enabled=\u00a0\u00bboff\u00a0\u00bb button_two_bg_color__hover_enabled=\u00a0\u00bboff\u00a0\u00bb][\/et_pb_button][\/et_pb_column][\/et_pb_row][\/et_pb_section]<\/p>\n","protected":false},"excerpt":{"rendered":"<p>[et_pb_section fb_built=\u00a0\u00bb1&Prime; fullwidth=\u00a0\u00bbon\u00a0\u00bb _builder_version=\u00a0\u00bb3.22&Prime; transparent_background=\u00a0\u00bboff\u00a0\u00bb][et_pb_fullwidth_header_extended title=\u00a0\u00bbVols touristiques\u00a0\u00bb subhead=\u00a0\u00bb\u00e0 travers les lacs &#8211; vers les montagnes &#8211; ou les deux\u00a0\u00bb text_orientation=\u00a0\u00bbcenter\u00a0\u00bb header_fullscreen=\u00a0\u00bbon\u00a0\u00bb background_overlay_color=\u00a0\u00bbrgba(0,0,0,0.2)\u00a0\u00bb background_gradient=\u00a0\u00bboff\u00a0\u00bb wider_mobile_space=\u00a0\u00bbon\u00a0\u00bb button_one_sb_hover_on_off=\u00a0\u00bboff\u00a0\u00bb button_two_sb_hover_on_off=\u00a0\u00bboff\u00a0\u00bb title_fancyline=\u00a0\u00bbon\u00a0\u00bb title_fancy_orientation=\u00a0\u00bbcenter\u00a0\u00bb fancyline_color=\u00a0\u00bb#ffffff\u00a0\u00bb fancyline_width=\u00a0\u00bb80px\u00a0\u00bb fancyline_height=\u00a0\u00bb4px\u00a0\u00bb fancyline_margin_top=\u00a0\u00bb40px\u00a0\u00bb animated_gradient=\u00a0\u00bboff\u00a0\u00bb content_orientation=\u00a0\u00bbbottom\u00a0\u00bb s_background_layout=\u00a0\u00bbdark\u00a0\u00bb header_scroll_down_effect_on_off=\u00a0\u00bbon\u00a0\u00bb header_scroll_down_effect=\u00a0\u00bbslideInDown\u00a0\u00bb title_gradient_on_off=\u00a0\u00bboff\u00a0\u00bb subhead_gradient_on_off=\u00a0\u00bboff\u00a0\u00bb content_gradient_on_off=\u00a0\u00bboff\u00a0\u00bb admin_label=\u00a0\u00bbTitelbild\u00a0\u00bb _builder_version=\u00a0\u00bb4.5.3&Prime; title_font=\u00a0\u00bbMontserrat|700|||||||\u00a0\u00bb title_font_size=\u00a0\u00bb80px\u00a0\u00bb title_letter_spacing=\u00a0\u00bb-1px\u00a0\u00bb title_line_height=\u00a0\u00bb1.2em\u00a0\u00bb content_font=\u00a0\u00bbLato||||\u00a0\u00bb content_font_size=\u00a0\u00bb18px\u00a0\u00bb content_line_height=\u00a0\u00bb1.8em\u00a0\u00bb subhead_font=\u00a0\u00bbMontserrat|600|||||||\u00a0\u00bb subhead_font_size=\u00a0\u00bb20px\u00a0\u00bb subhead_letter_spacing=\u00a0\u00bb5px\u00a0\u00bb background_image=\u00a0\u00bbhttps:\/\/www.alpaviation.ch\/wp-content\/uploads\/Rundflug-1920&#215;1080.jpg\u00a0\u00bb custom_button_one=\u00a0\u00bbon\u00a0\u00bb button_one_text_size=\u00a0\u00bb18&Prime; [&hellip;]<\/p>\n","protected":false},"author":1,"featured_media":0,"parent":0,"menu_order":0,"comment_status":"closed","ping_status":"closed","template":"","meta":{"_et_pb_use_builder":"on","_et_pb_old_content":"","_et_gb_content_width":""},"_links":{"self":[{"href":"https:\/\/www.alpaviation.ch\/fr\/wp-json\/wp\/v2\/pages\/125896"}],"collection":[{"href":"https:\/\/www.alpaviation.ch\/fr\/wp-json\/wp\/v2\/pages"}],"about":[{"href":"https:\/\/www.alpaviation.ch\/fr\/wp-json\/wp\/v2\/types\/page"}],"author":[{"embeddable":true,"href":"https:\/\/www.alpaviation.ch\/fr\/wp-json\/wp\/v2\/users\/1"}],"replies":[{"embeddable":true,"href":"https:\/\/www.alpaviation.ch\/fr\/wp-json\/wp\/v2\/comments?post=125896"}],"version-history":[{"count":3,"href":"https:\/\/www.alpaviation.ch\/fr\/wp-json\/wp\/v2\/pages\/125896\/revisions"}],"predecessor-version":[{"id":126160,"href":"https:\/\/www.alpaviation.ch\/fr\/wp-json\/wp\/v2\/pages\/125896\/revisions\/126160"}],"wp:attachment":[{"href":"https:\/\/www.alpaviation.ch\/fr\/wp-json\/wp\/v2\/media?parent=125896"}],"curies":[{"name":"wp","href":"https:\/\/api.w.org\/{rel}","templated":true}]}}